{"id":583,"date":"2023-09-21T11:29:37","date_gmt":"2023-09-21T11:29:37","guid":{"rendered":"http:\/\/wurmbilder.at\/?page_id=583"},"modified":"2025-05-18T09:19:14","modified_gmt":"2025-05-18T09:19:14","slug":"wurmbilder","status":"publish","type":"page","link":"http:\/\/wurmbilder.at\/","title":{"rendered":"wurmbilder"},"content":{"rendered":"<p>[et_pb_section fb_built=&#8220;1&#8243; custom_padding_last_edited=&#8220;off|desktop&#8220; admin_label=&#8220;Header&#8220; _builder_version=&#8220;4.16&#8243; background_color_gradient_direction=&#8220;90deg&#8220; background_color_gradient_start=&#8220;#ffffff&#8220; background_color_gradient_end=&#8220;#e9e7e8&#8243; background_image=&#8220;http:\/\/dotlinesmile.com\/wp-content\/uploads\/2023\/04\/653_b.jpg&#8220; background_position=&#8220;bottom_center&#8220; background_repeat=&#8220;repeat&#8220; width=&#8220;100%&#8220; max_width=&#8220;100%&#8220; max_width_tablet=&#8220;&#8220; max_width_phone=&#8220;&#8220; max_width_last_edited=&#8220;on|desktop&#8220; custom_padding=&#8220;0vw||0vw||true|&#8220; custom_padding_tablet=&#8220;5vw||5vw||true&#8220; top_divider_style=&#8220;wave2&#8243; top_divider_color=&#8220;#7CDA24&#8243; top_divider_height=&#8220;77px&#8220; top_divider_flip=&#8220;vertical&#8220; bottom_divider_style=&#8220;wave2&#8243; bottom_divider_color=&#8220;#FFFFFF&#8220; bottom_divider_height=&#8220;52px&#8220; bottom_divider_flip=&#8220;horizontal&#8220; background_last_edited=&#8220;on|phone&#8220; use_background_color_gradient_tablet=&#8220;on&#8220; use_background_color_gradient_phone=&#8220;on&#8220; background_color_gradient_stops_tablet=&#8220;#efefef 73%|#e9e7e8 100%&#8220; background_color_gradient_stops_phone=&#8220;#efefef 100%|#e9e7e8 100%&#8220; background_color_gradient_start_tablet=&#8220;#efefef&#8220; background_color_gradient_start_position_tablet=&#8220;73%&#8220; background_color_gradient_start_position_phone=&#8220;100%&#8220; background_position_tablet=&#8220;top_left&#8220; locked=&#8220;off&#8220; global_colors_info=&#8220;%91%93&#8243;][et_pb_row _builder_version=&#8220;4.16&#8243; min_height=&#8220;269.8px&#8220; custom_margin=&#8220;-80px|auto||auto||&#8220; use_custom_width=&#8220;on&#8220; width_unit=&#8220;off&#8220; custom_width_percent=&#8220;100%&#8220; locked=&#8220;off&#8220; global_colors_info=&#8220;{}&#8220;][et_pb_column type=&#8220;4_4&#8243; _builder_version=&#8220;4.16&#8243; custom_padding=&#8220;|||&#8220; global_colors_info=&#8220;{}&#8220; custom_padding__hover=&#8220;|||&#8220;][et_pb_text _builder_version=&#8220;4.16&#8243; text_font=&#8220;||||||||&#8220; header_font=&#8220;Prata||||||||&#8220; header_text_align=&#8220;center&#8220; header_text_color=&#8220;#333333&#8243; header_font_size=&#8220;150px&#8220; header_2_font=&#8220;|700||on|||||&#8220; header_2_text_align=&#8220;left&#8220; header_2_text_color=&#8220;rgba(0,0,0,0.28)&#8220; header_2_font_size=&#8220;14px&#8220; header_2_letter_spacing=&#8220;5px&#8220; header_2_line_height=&#8220;2em&#8220; transform_translate_linked=&#8220;off&#8220; text_orientation=&#8220;center&#8220; max_width=&#8220;100%&#8220; max_width_tablet=&#8220;70%&#8220; max_width_last_edited=&#8220;off|phone&#8220; min_height=&#8220;45px&#8220; custom_margin=&#8220;77px||0px||false|false&#8220; header_font_size_tablet=&#8220;80px&#8220; header_font_size_phone=&#8220;50px&#8220; header_font_size_last_edited=&#8220;on|phone&#8220; global_colors_info=&#8220;{}&#8220;]<\/p>\n<h2 style=\"text-align: center;\">Aquarell | Acryl | Grafik &#8211; von Gertrude Wurm<\/h2>\n<p>[\/et_pb_text][et_pb_text _builder_version=&#8220;4.16&#8243; text_font=&#8220;||||||||&#8220; header_font=&#8220;Prata||||||||&#8220; header_text_align=&#8220;left&#8220; header_text_color=&#8220;#333333&#8243; header_font_size=&#8220;121px&#8220; header_2_font=&#8220;|500||on|||||&#8220; header_2_font_size=&#8220;14px&#8220; header_2_letter_spacing=&#8220;5px&#8220; header_2_line_height=&#8220;2em&#8220; transform_translate_linked=&#8220;off&#8220; text_orientation=&#8220;center&#8220; max_width=&#8220;100%&#8220; max_width_tablet=&#8220;70%&#8220; max_width_last_edited=&#8220;off|phone&#8220; min_height=&#8220;106px&#8220; header_font_size_tablet=&#8220;80px&#8220; header_font_size_phone=&#8220;50px&#8220; header_font_size_last_edited=&#8220;on|phone&#8220; global_colors_info=&#8220;{}&#8220;]<\/p>\n<h1 style=\"text-align: center;\">wurm<span style=\"color: #7cda24;\">bilder<\/span><\/h1>\n<p>[\/et_pb_text][\/et_pb_column][\/et_pb_row][\/et_pb_section][et_pb_section fb_built=&#8220;1&#8243; prev_background_color=&#8220;#ffffff&#8220; admin_label=&#8220;Work&#8220; _builder_version=&#8220;4.16&#8243; background_image=&#8220;http:\/\/dotlinesmile.com\/wp-content\/uploads\/2023\/04\/653-scaled.jpg&#8220; parallax=&#8220;on&#8220; custom_padding=&#8220;0px|||||&#8220; top_divider_style=&#8220;wave2&#8243; bottom_divider_style=&#8220;curve2&#8243; bottom_divider_color=&#8220;#7CDA24&#8243; global_colors_info=&#8220;%91%93&#8243;][et_pb_row column_structure=&#8220;1_3,1_3,1_3&#8243; _builder_version=&#8220;4.16&#8243; global_colors_info=&#8220;{}&#8220;][et_pb_column type=&#8220;1_3&#8243; _builder_version=&#8220;4.16&#8243; custom_padding=&#8220;|||&#8220; global_colors_info=&#8220;{}&#8220; custom_padding__hover=&#8220;|||&#8220;][et_pb_image src=&#8220;http:\/\/dotlinesmile.com\/wp-content\/uploads\/2023\/04\/aquarell_01_Bad-Hofgastein_415x300.jpg&#8220; alt=&#8220;Aquarell &#8211; Bad Hofgastein&#8220; title_text=&#8220;Aquarell &#8211; Bad Hofgastein&#8220; align=&#8220;center&#8220; _builder_version=&#8220;4.16&#8243; border_width_all=&#8220;11px&#8220; border_color_all=&#8220;#FFFFFF&#8220; border_width_all_last_edited=&#8220;off|desktop&#8220; box_shadow_style=&#8220;preset1&#8243; box_shadow_color=&#8220;rgba(0,0,0,0.34)&#8220; global_colors_info=&#8220;{}&#8220; box_shadow_color__hover=&#8220;#000000&#8243; box_shadow_color__hover_enabled=&#8220;on&#8220; border_width_all__hover_enabled=&#8220;on&#8220; border_width_all__hover=&#8220;30px&#8220;][\/et_pb_image][et_pb_text ul_position=&#8220;inside&#8220; _builder_version=&#8220;4.16&#8243; text_font=&#8220;||||||||&#8220; ul_font=&#8220;||||||||&#8220; header_font=&#8220;|700|||||||&#8220; header_font_size=&#8220;20px&#8220; header_line_height=&#8220;1.3em&#8220; header_3_font=&#8220;|700|||||||&#8220; header_3_font_size=&#8220;14px&#8220; header_3_line_height=&#8220;1.3em&#8220; text_orientation=&#8220;center&#8220; custom_padding=&#8220;||6px|||&#8220; text_text_align=&#8220;center&#8220; locked=&#8220;off&#8220; global_colors_info=&#8220;{}&#8220;]<\/p>\n<h3>Aquarell<\/h3>\n<p>Technik, Pinsel, Farbe, Wasser<\/p>\n<p>[\/et_pb_text][\/et_pb_column][et_pb_column type=&#8220;1_3&#8243; _builder_version=&#8220;4.16&#8243; custom_padding=&#8220;|||&#8220; global_colors_info=&#8220;{}&#8220; custom_padding__hover=&#8220;|||&#8220;][et_pb_image src=&#8220;http:\/\/dotlinesmile.com\/wp-content\/uploads\/2023\/04\/accryl_05_415x300.jpg&#8220; alt=&#8220;Acryl abstrakt&#8220; title_text=&#8220;Acryl abstrakt&#8220; align=&#8220;center&#8220; _builder_version=&#8220;4.16&#8243; border_width_all=&#8220;11px&#8220; border_color_all=&#8220;#FFFFFF&#8220; border_width_all_last_edited=&#8220;off|desktop&#8220; box_shadow_style=&#8220;preset1&#8243; box_shadow_color=&#8220;rgba(0,0,0,0.34)&#8220; global_colors_info=&#8220;{}&#8220; box_shadow_color__hover_enabled=&#8220;on&#8220; box_shadow_color__hover=&#8220;#000000&#8243; border_width_all__hover=&#8220;30px&#8220; border_width_all__hover_enabled=&#8220;on&#8220;][\/et_pb_image][et_pb_text ul_position=&#8220;inside&#8220; _builder_version=&#8220;4.16&#8243; text_font=&#8220;||||||||&#8220; ul_font=&#8220;||||||||&#8220; header_font=&#8220;|700|||||||&#8220; header_font_size=&#8220;20px&#8220; header_line_height=&#8220;1.3em&#8220; header_3_font=&#8220;|700|||||||&#8220; header_3_font_size=&#8220;14px&#8220; header_3_line_height=&#8220;1.3em&#8220; text_orientation=&#8220;center&#8220; text_text_align=&#8220;center&#8220; locked=&#8220;off&#8220; global_colors_info=&#8220;{}&#8220;]<\/p>\n<h3>Acryl<\/h3>\n<p>Malerei auf Leinwand, Holz, Stoff, Metall<\/p>\n<p>[\/et_pb_text][\/et_pb_column][et_pb_column type=&#8220;1_3&#8243; _builder_version=&#8220;4.16&#8243; custom_padding=&#8220;|||&#8220; global_colors_info=&#8220;{}&#8220; custom_padding__hover=&#8220;|||&#8220;][et_pb_image src=&#8220;http:\/\/dotlinesmile.com\/wp-content\/uploads\/2023\/04\/grafik_01_415x300.png&#8220; alt=&#8220;Grafik &#8211; Portrait einer Dame&#8220; title_text=&#8220;Grafik &#8211; Portrait einer Dame&#8220; align=&#8220;center&#8220; _builder_version=&#8220;4.16&#8243; background_color=&#8220;#000000&#8243; border_width_all=&#8220;11px&#8220; border_color_all=&#8220;#FFFFFF&#8220; border_width_all_last_edited=&#8220;off|desktop&#8220; box_shadow_style=&#8220;preset1&#8243; box_shadow_color=&#8220;rgba(0,0,0,0.34)&#8220; global_colors_info=&#8220;{}&#8220; box_shadow_color__hover=&#8220;#000000&#8243; box_shadow_color__hover_enabled=&#8220;on&#8220; border_width_all__hover=&#8220;30px&#8220; border_width_all__hover_enabled=&#8220;on&#8220;][\/et_pb_image][et_pb_text ul_position=&#8220;inside&#8220; _builder_version=&#8220;4.16&#8243; text_font=&#8220;||||||||&#8220; ul_font=&#8220;||||||||&#8220; header_font=&#8220;|700|||||||&#8220; header_font_size=&#8220;20px&#8220; header_line_height=&#8220;1.3em&#8220; header_3_font=&#8220;|700|||||||&#8220; header_3_font_size=&#8220;14px&#8220; header_3_line_height=&#8220;1.3em&#8220; text_orientation=&#8220;center&#8220; text_text_align=&#8220;center&#8220; locked=&#8220;off&#8220; global_colors_info=&#8220;{}&#8220;]<\/p>\n<h3>Grafik<\/h3>\n<p>\u00a0Zeichnen, Malen, Drucken\u00a0<\/p>\n<p>[\/et_pb_text][\/et_pb_column][\/et_pb_row][\/et_pb_section][et_pb_section fb_built=&#8220;1&#8243; admin_label=&#8220;News&#8220; _builder_version=&#8220;4.16&#8243; background_image=&#8220;http:\/\/wurmbilder.at\/wp-content\/uploads\/2023\/09\/653_a-scaled.jpg&#8220; background_repeat=&#8220;repeat&#8220; top_divider_style=&#8220;wave2&#8243; top_divider_color=&#8220;#7CDA24&#8243; top_divider_height=&#8220;111px&#8220; top_divider_flip=&#8220;horizontal|vertical&#8220; bottom_divider_style=&#8220;curve2&#8243; bottom_divider_color=&#8220;#7CDA24&#8243; bottom_divider_height=&#8220;102px&#8220; global_colors_info=&#8220;%91%93&#8243;][et_pb_row custom_padding_last_edited=&#8220;off|phone&#8220; _builder_version=&#8220;4.16&#8243; background_position=&#8220;bottom_center&#8220; custom_padding_tablet=&#8220;17vw||17vw||false&#8220; use_custom_width=&#8220;on&#8220; width_unit=&#8220;off&#8220; custom_width_percent=&#8220;100%&#8220; locked=&#8220;off&#8220; global_colors_info=&#8220;{}&#8220;][et_pb_column type=&#8220;4_4&#8243; _builder_version=&#8220;4.16&#8243; custom_padding=&#8220;|||&#8220; global_colors_info=&#8220;{}&#8220; custom_padding__hover=&#8220;|||&#8220;][et_pb_text _builder_version=&#8220;4.16&#8243; text_font=&#8220;||||||||&#8220; header_font=&#8220;||||||||&#8220; header_2_font=&#8220;Prata|500|||||||&#8220; header_2_font_size=&#8220;56px&#8220; header_2_line_height=&#8220;1.3em&#8220; header_3_font=&#8220;|700||on|||||&#8220; header_3_text_color=&#8220;rgba(0,0,0,0.35)&#8220; header_3_font_size=&#8220;12px&#8220; header_3_letter_spacing=&#8220;5px&#8220; header_3_line_height=&#8220;2em&#8220; transform_translate_linked=&#8220;off&#8220; text_orientation=&#8220;center&#8220; max_width=&#8220;700px&#8220; max_width_tablet=&#8220;70%&#8220; max_width_last_edited=&#8220;off|phone&#8220; module_alignment=&#8220;center&#8220; header_2_font_size_tablet=&#8220;40px&#8220; header_2_font_size_phone=&#8220;26px&#8220; header_2_font_size_last_edited=&#8220;on|phone&#8220; header_3_font_size_phone=&#8220;10px&#8220; header_3_font_size_last_edited=&#8220;off|desktop&#8220; module_alignment_last_edited=&#8220;off|desktop&#8220; text_text_align=&#8220;center&#8220; global_colors_info=&#8220;{}&#8220;]<\/p>\n<h3>Gem\u00e4lde von Gertrude Wurm<\/h3>\n<h2>Galerie<\/h2>\n<p>[\/et_pb_text][et_pb_gallery gallery_ids=&#8220;12,13,14,15,16,17,18,19,20,21,22,23,24,25,26,27,28,29,30,31,32,33,34,35,36,37,38,39,40,41,42,43,44,45,46,47,48,49,50,51,52,53,54,55,56,57,58,59&#8243; posts_number=&#8220;50&#8243; show_title_and_caption=&#8220;off&#8220; _builder_version=&#8220;4.16&#8243; _module_preset=&#8220;default&#8220; border_width_all=&#8220;1px&#8220; border_color_all=&#8220;#7CDA24&#8243; border_width_all_image=&#8220;21px&#8220; border_color_all_image=&#8220;#FFFFFF&#8220; box_shadow_style_image=&#8220;preset1&#8243; box_shadow_spread_image=&#8220;3px&#8220; global_colors_info=&#8220;{}&#8220;][\/et_pb_gallery][\/et_pb_column][\/et_pb_row][\/et_pb_section][et_pb_section fb_built=&#8220;1&#8243; _builder_version=&#8220;4.16&#8243; _module_preset=&#8220;default&#8220; background_image=&#8220;http:\/\/wurmbilder.at\/wp-content\/uploads\/2023\/09\/653_a-scaled.jpg&#8220; parallax=&#8220;on&#8220; top_divider_style=&#8220;wave2&#8243; top_divider_color=&#8220;#7CDA24&#8243; top_divider_flip=&#8220;vertical|horizontal&#8220; bottom_divider_style=&#8220;curve2&#8243; bottom_divider_color=&#8220;#7CDA24&#8243; global_colors_info=&#8220;%91%93&#8243;][et_pb_row column_structure=&#8220;1_2,1_2&#8243; custom_padding_last_edited=&#8220;off|phone&#8220; _builder_version=&#8220;4.16&#8243; background_position=&#8220;bottom_center&#8220; custom_padding_tablet=&#8220;17vw||17vw||false&#8220; use_custom_width=&#8220;on&#8220; width_unit=&#8220;off&#8220; custom_width_percent=&#8220;100%&#8220; locked=&#8220;off&#8220; global_colors_info=&#8220;{}&#8220;][et_pb_column type=&#8220;1_2&#8243; _builder_version=&#8220;4.16&#8243; custom_padding=&#8220;|||&#8220; global_colors_info=&#8220;{}&#8220; custom_padding__hover=&#8220;|||&#8220;][et_pb_text _builder_version=&#8220;4.16&#8243; text_font=&#8220;||||||||&#8220; header_font=&#8220;||||||||&#8220; header_2_font=&#8220;Prata|500|||||||&#8220; header_2_font_size=&#8220;56px&#8220; header_2_line_height=&#8220;1.3em&#8220; header_3_font=&#8220;|700||on|||||&#8220; header_3_text_color=&#8220;rgba(0,0,0,0.35)&#8220; header_3_font_size=&#8220;12px&#8220; header_3_letter_spacing=&#8220;5px&#8220; header_3_line_height=&#8220;2em&#8220; transform_translate_linked=&#8220;off&#8220; text_orientation=&#8220;center&#8220; max_width=&#8220;700px&#8220; max_width_tablet=&#8220;70%&#8220; max_width_last_edited=&#8220;off|phone&#8220; module_alignment=&#8220;center&#8220; custom_margin=&#8220;||-1px|||&#8220; header_2_font_size_tablet=&#8220;40px&#8220; header_2_font_size_phone=&#8220;26px&#8220; header_2_font_size_last_edited=&#8220;on|phone&#8220; header_3_font_size_phone=&#8220;10px&#8220; header_3_font_size_last_edited=&#8220;off|desktop&#8220; module_alignment_last_edited=&#8220;off|desktop&#8220; text_text_align=&#8220;center&#8220; global_colors_info=&#8220;{}&#8220;]<\/p>\n<h3>Biografie Gertude Wurm<\/h3>\n<h2>\u00dcber G. Wurm<\/h2>\n<p>[\/et_pb_text][et_pb_blurb title=&#8220;Lieber Besucher.&#8220; image_icon_background_color=&#8220;RGBA(255,255,255,0)&#8220; image=&#8220;http:\/\/wurmbilder.at\/wp-content\/uploads\/2023\/07\/Gertrude-Wurm-Portrait_.png&#8220; alt=&#8220;Gertrude Wurm &#8211; Portrait&#8220; image_icon_width=&#8220;100%&#8220; content_max_width=&#8220;100%&#8220; _builder_version=&#8220;4.16&#8243; _module_preset=&#8220;default&#8220; body_font=&#8220;||||||||&#8220; background_color=&#8220;RGBA(255,255,255,0)&#8220; image_icon_custom_margin=&#8220;0px||||false|false&#8220; image_icon_custom_padding=&#8220;0px||||false|false&#8220; width=&#8220;100%&#8220; custom_padding=&#8220;21px|21px|21px|21px|false|false&#8220; border_width_all_image=&#8220;14px&#8220; border_color_all_image=&#8220;#FFFFFF&#8220; box_shadow_style_image=&#8220;preset1&#8243; global_colors_info=&#8220;{}&#8220;]<\/p>\n<p>\u00fcber diese Webseite m\u00f6chte ich meine Freude am Malen mit Ihnen teilen. Vielleicht finden Sie so auch zu dieser wundervollen Besch\u00e4ftigung und machen die Welt noch bunter als sie schon ist.<br \/>Mit den freundlichsten Gr\u00fc\u00dfen,<\/p>\n<p style=\"text-align: right;\">Ihre Gertrude Wurm<\/p>\n<p>[\/et_pb_blurb][et_pb_text _builder_version=&#8220;4.16&#8243; _module_preset=&#8220;default&#8220; background_color=&#8220;#FFFFFF&#8220; width=&#8220;100%&#8220; custom_padding=&#8220;21px|21px|21px|21px|false|false&#8220; border_width_all=&#8220;1px&#8220; border_color_all=&#8220;#7CDA24&#8243; box_shadow_style=&#8220;preset1&#8243; global_colors_info=&#8220;{}&#8220;]<\/p>\n<p>Gertrude kam am 11. 05. 1937 in St. Johann im Saggautal auf die Welt, seit 1955 wohnt sie in Graz.<\/p>\n<p>Ihr Gro\u00dfvater, ein Maler, weckte das Interesse f\u00fcr die bildende Kunst bereits im Kindesalter und 1974 begann sie ihre k\u00fcnstlerische Auseinandersetzung.<br \/>Im Lauf der Jahre lernte sie bei Prof. Lischka, Prof. Charusa, Prof. Osterider, O.R.R. Karl, Prof. Otte und Prof. Swoboda.<br \/>Durch zahlreiche Malwochen im In- und Ausland sowie B\u00fccher erweitert die K\u00fcnstlerin ihr Wissen unerm\u00fcdlich und mit viel Freude. Sie war 17 Jahre lang Lehrbeauftragte an der Volkshochschule in Graz und leitete seit 1990 selbst Malwochen im In- und Ausland.<\/p>\n<p>Mitgliedschaften:<br \/>Berufsvereinigung der Bildenden K\u00fcnstler \u00d6sterreichs Kulturverein \u00f6sterreichischer Eisenbahner<\/p>\n<p>[\/et_pb_text][et_pb_blurb title=&#8220;Auszeichnungen &#038; Anerkennungen&#8220; image_icon_width=&#8220;62%&#8220; _builder_version=&#8220;4.16&#8243; _module_preset=&#8220;default&#8220; width=&#8220;95.5%&#8220; custom_margin=&#8220;|21px||21px|false|false&#8220; custom_padding=&#8220;0px|||||&#8220; global_colors_info=&#8220;{}&#8220;]<\/p>\n<p>Sie hat bei j\u00e4hrlichen Ausstellungen im In- und Ausland <br \/>Anerkennung und Preise erhalten.<\/p>\n<p>1987\u00a0 \u00a0Extempore in St. Urban<br \/>1988\u00a0 \u00a0St. P\u00f6lten<br \/>1989\u00a0 \u00a0Extempore in St. Urban<br \/>1991\u00a0 \u00a0Stadtmuseum Nordica in Linz<br \/>1992\u00a0 \u00a0Palais Palffy, 1. Preis Graphik<br \/>1993\u00a0 \u00a0Saalfelden, 2. Preis Mischtechnik<br \/>1994\u00a0 \u00a0Bronzemedaille Aquarell &#8211; <br \/>\u00a0 \u00a0 \u00a0 \u00a0 \u00a0 \u00a0 Internationale Kunstausstellung der Eisenbahner in Stuttgart<br \/>1995\u00a0 \u00a0Brunn am Gebirge<br \/>1997\u00a0 \u00a0Saalfelden<br \/>1998\u00a0 \u00a0St. P\u00f6lten<br \/>2010\u00a0 \u00a0Silber f\u00fcr Grafik in Rijeka<br \/>2014\u00a0 \u00a0Amstetten<br \/>2016\u00a0 \u00a0Gewerkschaftshaus Wien<\/p>\n<p>[\/et_pb_blurb][\/et_pb_column][et_pb_column type=&#8220;1_2&#8243; _builder_version=&#8220;4.16&#8243; custom_padding=&#8220;|||&#8220; global_colors_info=&#8220;{}&#8220; custom_padding__hover=&#8220;|||&#8220;][et_pb_blurb title=&#8220;Einzelausstellungen&#8220; image_icon_width=&#8220;62%&#8220; _builder_version=&#8220;4.16&#8243; _module_preset=&#8220;default&#8220; header_line_height=&#8220;3em&#8220; image_icon_custom_margin=&#8220;0px||||false|false&#8220; image_icon_custom_padding=&#8220;0px||||false|false&#8220; width=&#8220;100%&#8220; min_height=&#8220;997.1px&#8220; custom_margin=&#8220;130px||0px||false|false&#8220; custom_padding=&#8220;0px|||||&#8220; global_colors_info=&#8220;{}&#8220;]<\/p>\n<p style=\"text-align: left;\">2022\u00a0 \u00a0Fun5 8053 Grottenhofstra\u00dfe Graz<br \/>2020\u00a0 \u00a0sAugenbrugger S\u00fcdtirolerplatz 5 in Graz<br \/>2016\u00a0 \u00a0Ganggalerie der Barmherzigen Br\u00fcder in Graz<br \/>2013\u00a0 \u00a0ART Galerie N Deutschlandsberg<br \/>2007\u00a0 \u00a0Don Bosco Pfarrsaal Graz<br \/>2006\u00a0 \u00a0Stra\u00dfganger Kulturzentrum<br \/>2004\u00a0 \u00a0Kunst am Pool Bad zur Sonne<br \/>Fratelli Spada SCS Graz Umgebung<br \/>2003\u00a0 \u00a0Haus der Frauen St. Johann b. Herberstein<br \/>2001\u00a0 \u00a0Ganggalerie Sparzentrum Graz<br \/>1999\u00a0 \u00a0AK Volkshochschule Merangasse Graz<br \/>1998\u00a0 \u00a0Cafe Postillion Graz<br \/>1997\u00a0 \u00a0Haus der Frauen St. Johann b. Herberstein<br \/>Cafe Postillion Graz<br \/>1996\u00a0 \u00a0Kurzentrum Bad Radkersburg<br \/>Nikon Galerie Wien am Getreidemarkt<br \/>SOS Lehrlingsheim Graz<br \/>Cafe Wergers Graz<br \/>1995\u00a0 \u00a0Zur alten Backstubn Judendorf Stra\u00dfengel<br \/>Nikon Galerie Wien am Getreidemarkt<br \/>SOS Lehrlingsheim Graz<br \/>Galerie Das Auge Lauda K\u00f6nigshofen Deutschland<br \/>Haus der Frauen St. Johann b. Herberstein<br \/>1994\u00a0 \u00a0Schloss Gleinst\u00e4tten<br \/>Cafe Atelier Graz<br \/>Ecksaal Joanneum Graz<br \/>Kulturzentrum Graz Ostbahnhof<br \/>Galerie am Hauptplatz Leibnitz<br \/>1993\u00a0 \u00a0Bildungshaus Raiffeisenhof Graz<br \/>1992\u00a0 \u00a0Galerie am Arbeitsplatz Repro R\u00f6gner Graz<br \/>Pulverturm Arnoldstein K\u00e4rnten<br \/>1991\u00a0 \u00a0Raiffeisenkasse Graz<br \/>CA Graz Wetzelsdorf<br \/>1990\u00a0 \u00a0Josef Krainer Haus Graz<br \/>Steierm\u00e4rkische Bank Graz<br \/>Landhaus Reiter Peggau<br \/>Ganggalerie Postdirektion Graz<br \/>1986\u00a0 \u00a0Galerie Klinger Arnfels<br \/>1985\u00a0 \u00a0Raiffeisenkasse St. Johann im Saggautal<\/p>\n<p>[\/et_pb_blurb][et_pb_blurb title=&#8220;Ausstellungen im In- und Ausland&#8220; image=&#8220;http:\/\/wurmbilder.at\/wp-content\/uploads\/2023\/07\/ausstellung_mockup_1200.jpg&#8220; image_icon_width=&#8220;100%&#8220; content_max_width=&#8220;430px&#8220; _builder_version=&#8220;4.16&#8243; _module_preset=&#8220;default&#8220; background_color=&#8220;#FFFFFF&#8220; min_height=&#8220;455.7px&#8220; custom_margin=&#8220;0px|0px|37px|0px|false|false&#8220; custom_padding=&#8220;21px|21px|21px|21px|false|false&#8220; border_width_all=&#8220;1px&#8220; border_color_all=&#8220;#7CDA24&#8243; box_shadow_style=&#8220;preset1&#8243; global_colors_info=&#8220;{}&#8220;]<\/p>\n<p>Linz, Wien, Leibnitz, Villach, Stuttgart, Graz, Deutschlandsberg, St.P\u00f6lten, M\u00f6rbisch, Sopron, Brunn a. Gebirge, Feldkirch, Saalfelden, Budapest, Foligno Italien, Burgau, K\u00fcnstlerhaus Graz, Stadtmuseum St. P\u00f6lten, Rijeka, Amstetten, &#8230;<\/p>\n<p>[\/et_pb_blurb][\/et_pb_column][\/et_pb_row][et_pb_row _builder_version=&#8220;4.22.2&#8243; _module_preset=&#8220;default&#8220; global_colors_info=&#8220;{}&#8220;][et_pb_column type=&#8220;4_4&#8243; _builder_version=&#8220;4.22.2&#8243; _module_preset=&#8220;default&#8220; global_colors_info=&#8220;{}&#8220;][et_pb_divider color=&#8220;#7CDA24&#8243; divider_weight=&#8220;1px&#8220; _builder_version=&#8220;4.22.2&#8243; _module_preset=&#8220;default&#8220; global_colors_info=&#8220;{}&#8220;][\/et_pb_divider][et_pb_text _builder_version=&#8220;4.27.4&#8243; text_font=&#8220;||||||||&#8220; header_font=&#8220;||||||||&#8220; header_2_font=&#8220;Prata|500|||||||&#8220; header_2_font_size=&#8220;56px&#8220; header_2_line_height=&#8220;1.3em&#8220; header_3_font=&#8220;|700||on|||||&#8220; header_3_text_color=&#8220;rgba(0,0,0,0.35)&#8220; header_3_font_size=&#8220;12px&#8220; header_3_letter_spacing=&#8220;5px&#8220; header_3_line_height=&#8220;2em&#8220; transform_translate_linked=&#8220;off&#8220; text_orientation=&#8220;center&#8220; max_width=&#8220;700px&#8220; max_width_tablet=&#8220;70%&#8220; max_width_last_edited=&#8220;off|phone&#8220; module_alignment=&#8220;center&#8220; hover_enabled=&#8220;0&#8243; header_2_font_size_tablet=&#8220;40px&#8220; header_2_font_size_phone=&#8220;26px&#8220; header_2_font_size_last_edited=&#8220;on|phone&#8220; header_3_font_size_phone=&#8220;10px&#8220; header_3_font_size_last_edited=&#8220;off|desktop&#8220; module_alignment_last_edited=&#8220;off|desktop&#8220; text_text_align=&#8220;center&#8220; global_colors_info=&#8220;{}&#8220; sticky_enabled=&#8220;0&#8243;]<\/p>\n<h3>Was auch schon war<\/h3>\n<p>[\/et_pb_text][\/et_pb_column][\/et_pb_row][et_pb_row column_structure=&#8220;1_4,1_4,1_4,1_4&#8243; use_custom_gutter=&#8220;on&#8220; _builder_version=&#8220;4.27.4&#8243; module_alignment=&#8220;center&#8220; custom_margin=&#8220;0px|auto|3px|auto|false|false&#8220; custom_padding=&#8220;15px|21px|15px|21px|false|false&#8220; animation_style=&#8220;zoom&#8220; hover_enabled=&#8220;0&#8243; border_color_all=&#8220;#FFFFFF&#8220; box_shadow_style=&#8220;preset1&#8243; box_shadow_color=&#8220;rgba(0,0,0,0.37)&#8220; global_colors_info=&#8220;{}&#8220; sticky_enabled=&#8220;0&#8243; gutter_width=&#8220;2&#8243;][et_pb_column type=&#8220;1_4&#8243; _builder_version=&#8220;4.27.4&#8243; custom_padding=&#8220;|||&#8220; hover_enabled=&#8220;0&#8243; global_colors_info=&#8220;{}&#8220; custom_padding__hover=&#8220;|||&#8220; border_width_all=&#8220;1px&#8220; border_color_all=&#8220;#FFFFFF&#8220; box_shadow_style=&#8220;preset6&#8243; sticky_enabled=&#8220;0&#8243;][et_pb_image src=&#8220;http:\/\/wurmbilder.at\/wp-content\/uploads\/2025\/05\/001.jpg&#8220; _builder_version=&#8220;4.27.4&#8243; _module_preset=&#8220;default&#8220; hover_enabled=&#8220;0&#8243; sticky_enabled=&#8220;0&#8243; alt=&#8220;Im Garten ausgestellte Bilder&#8220; title_text=&#8220;Garten-Vernissage 001&#8243; border_color_all=&#8220;#FFFFFF&#8220;][\/et_pb_image][\/et_pb_column][et_pb_column type=&#8220;1_4&#8243; _builder_version=&#8220;4.27.4&#8243; custom_padding=&#8220;|||&#8220; hover_enabled=&#8220;0&#8243; global_colors_info=&#8220;{}&#8220; custom_padding__hover=&#8220;|||&#8220; border_width_all=&#8220;1px&#8220; border_color_all=&#8220;#FFFFFF&#8220; box_shadow_style=&#8220;preset6&#8243; sticky_enabled=&#8220;0&#8243;][et_pb_image src=&#8220;http:\/\/wurmbilder.at\/wp-content\/uploads\/2025\/05\/002.jpg&#8220; _builder_version=&#8220;4.27.4&#8243; _module_preset=&#8220;default&#8220; hover_enabled=&#8220;0&#8243; sticky_enabled=&#8220;0&#8243; title_text=&#8220;002&#8243;][\/et_pb_image][\/et_pb_column][et_pb_column type=&#8220;1_4&#8243; _builder_version=&#8220;4.27.4&#8243; custom_padding=&#8220;|||&#8220; hover_enabled=&#8220;0&#8243; global_colors_info=&#8220;{}&#8220; custom_padding__hover=&#8220;|||&#8220; border_width_all=&#8220;1px&#8220; border_color_all=&#8220;#FFFFFF&#8220; box_shadow_style=&#8220;preset6&#8243; sticky_enabled=&#8220;0&#8243;][et_pb_image src=&#8220;http:\/\/wurmbilder.at\/wp-content\/uploads\/2025\/05\/003.jpg&#8220; _builder_version=&#8220;4.27.4&#8243; _module_preset=&#8220;default&#8220; hover_enabled=&#8220;0&#8243; sticky_enabled=&#8220;0&#8243; title_text=&#8220;Garten-Vernissage 003&#8243;][\/et_pb_image][\/et_pb_column][et_pb_column type=&#8220;1_4&#8243; _builder_version=&#8220;4.27.4&#8243; custom_padding=&#8220;|||&#8220; hover_enabled=&#8220;0&#8243; global_colors_info=&#8220;{}&#8220; custom_padding__hover=&#8220;|||&#8220; border_width_all=&#8220;1px&#8220; border_color_all=&#8220;#FFFFFF&#8220; box_shadow_style=&#8220;preset6&#8243; sticky_enabled=&#8220;0&#8243;][et_pb_image src=&#8220;http:\/\/wurmbilder.at\/wp-content\/uploads\/2025\/05\/2004.jpg&#8220; _builder_version=&#8220;4.27.4&#8243; _module_preset=&#8220;default&#8220; hover_enabled=&#8220;0&#8243; sticky_enabled=&#8220;0&#8243; title_text=&#8220;Garten-Vernissage 004&#8243;][\/et_pb_image][\/et_pb_column][\/et_pb_row][et_pb_row _builder_version=&#8220;4.27.4&#8243; _module_preset=&#8220;default&#8220;][et_pb_column _builder_version=&#8220;4.27.4&#8243; _module_preset=&#8220;default&#8220; type=&#8220;4_4&#8243;][et_pb_text _builder_version=&#8220;4.27.4&#8243; _module_preset=&#8220;default&#8220; hover_enabled=&#8220;0&#8243; sticky_enabled=&#8220;0&#8243;]<\/p>\n<h2 style=\"text-align: center;\">Garten-Vernissage<\/h2>\n<p style=\"text-align: center;\"><span><strong>Samstag, 10. Mai 2025,<br \/>10:00 &#8211; 18:00 Uhr<\/strong><br \/><\/span><span>Brauhausstrasse 103, 8053 Graz<\/span><\/p>\n<p>[\/et_pb_text][\/et_pb_column][\/et_pb_row][et_pb_row _builder_version=&#8220;4.27.4&#8243; custom_margin=&#8220;13px|auto||auto||&#8220; hover_enabled=&#8220;0&#8243; global_colors_info=&#8220;{}&#8220; sticky_enabled=&#8220;0&#8243;][et_pb_column type=&#8220;4_4&#8243; _builder_version=&#8220;4.16&#8243; custom_padding=&#8220;|||&#8220; global_colors_info=&#8220;{}&#8220; custom_padding__hover=&#8220;|||&#8220;][et_pb_divider color=&#8220;#7CDA24&#8243; divider_weight=&#8220;1px&#8220; _builder_version=&#8220;4.22.2&#8243; _module_preset=&#8220;default&#8220; global_colors_info=&#8220;{}&#8220;][\/et_pb_divider][et_pb_image src=&#8220;http:\/\/wurmbilder.at\/wp-content\/uploads\/2023\/07\/aquarell-8.jpg&#8220; alt=&#8220;Aquarell &#8211; Bad Hofgastein&#8220; title_text=&#8220;aquarell-8&#8243; align=&#8220;center&#8220; _builder_version=&#8220;4.27.4&#8243; hover_enabled=&#8220;0&#8243; border_width_all=&#8220;11px&#8220; border_color_all=&#8220;#FFFFFF&#8220; border_width_all_last_edited=&#8220;off|desktop&#8220; box_shadow_style=&#8220;preset1&#8243; box_shadow_color=&#8220;rgba(0,0,0,0.34)&#8220; global_colors_info=&#8220;{}&#8220; box_shadow_color__hover=&#8220;#000000&#8243; box_shadow_color__hover_enabled=&#8220;on&#8220; border_width_all__hover_enabled=&#8220;on&#8220; border_width_all__hover=&#8220;30px&#8220; sticky_enabled=&#8220;0&#8243;][\/et_pb_image][et_pb_text ul_position=&#8220;inside&#8220; _builder_version=&#8220;4.27.4&#8243; text_font=&#8220;||||||||&#8220; ul_font=&#8220;||||||||&#8220; header_font=&#8220;|700|||||||&#8220; header_font_size=&#8220;20px&#8220; header_line_height=&#8220;1.3em&#8220; header_3_font=&#8220;|700|||||||&#8220; header_3_font_size=&#8220;14px&#8220; header_3_line_height=&#8220;1.3em&#8220; text_orientation=&#8220;center&#8220; custom_padding=&#8220;||6px|||&#8220; hover_enabled=&#8220;0&#8243; text_text_align=&#8220;center&#8220; locked=&#8220;off&#8220; global_colors_info=&#8220;{}&#8220; sticky_enabled=&#8220;0&#8243;]<\/p>\n<h2>Garten-Vernissage<\/h2>\n<p><span><strong>Aquarelle | Acrylbilder | Grafik | Keramik<br \/><\/strong>von Getrude Wurm<\/span><\/p>\n<p><span><strong>Samstag, 8. Juli 2023,<br \/>10:00 &#8211; 18:00 Uhr<\/strong><br \/><\/span><span>Brauhausstrasse 103, 8053 Graz<\/span><\/p>\n<p>[\/et_pb_text][et_pb_divider color=&#8220;#7CDA24&#8243; divider_weight=&#8220;1px&#8220; _builder_version=&#8220;4.22.2&#8243; _module_preset=&#8220;default&#8220; global_colors_info=&#8220;{}&#8220;][\/et_pb_divider][\/et_pb_column][\/et_pb_row][et_pb_row _builder_version=&#8220;4.27.4&#8243; custom_margin=&#8220;13px|auto||auto||&#8220; hover_enabled=&#8220;0&#8243; global_colors_info=&#8220;{}&#8220; sticky_enabled=&#8220;0&#8243;][et_pb_column type=&#8220;4_4&#8243; _builder_version=&#8220;4.16&#8243; custom_padding=&#8220;|||&#8220; global_colors_info=&#8220;{}&#8220; custom_padding__hover=&#8220;|||&#8220;][et_pb_image src=&#8220;http:\/\/wurmbilder.at\/wp-content\/uploads\/2023\/10\/Panopktikum2023.jpg&#8220; alt=&#8220;Aquarell &#8211; Bad Hofgastein&#8220; title_text=&#8220;Panopktikum 2023&#8243; align=&#8220;center&#8220; _builder_version=&#8220;4.22.2&#8243; border_width_all=&#8220;11px&#8220; border_color_all=&#8220;#FFFFFF&#8220; border_width_all_last_edited=&#8220;off|desktop&#8220; box_shadow_style=&#8220;preset1&#8243; box_shadow_color=&#8220;rgba(0,0,0,0.34)&#8220; global_colors_info=&#8220;{}&#8220; box_shadow_color__hover=&#8220;#000000&#8243; box_shadow_color__hover_enabled=&#8220;on&#8220; border_width_all__hover_enabled=&#8220;on&#8220; border_width_all__hover=&#8220;30px&#8220;][\/et_pb_image][et_pb_text ul_position=&#8220;inside&#8220; _builder_version=&#8220;4.27.4&#8243; text_font=&#8220;||||||||&#8220; ul_font=&#8220;||||||||&#8220; header_font=&#8220;|700|||||||&#8220; header_font_size=&#8220;20px&#8220; header_line_height=&#8220;1.3em&#8220; header_3_font=&#8220;|700|||||||&#8220; header_3_font_size=&#8220;14px&#8220; header_3_line_height=&#8220;1.3em&#8220; text_orientation=&#8220;center&#8220; custom_padding=&#8220;||6px|||&#8220; hover_enabled=&#8220;0&#8243; text_text_align=&#8220;center&#8220; locked=&#8220;off&#8220; global_colors_info=&#8220;{}&#8220; sticky_enabled=&#8220;0&#8243;]<\/p>\n<h2>Vernissage &#8222;PANOPTIKUM&#8220;<\/h2>\n<p><span><strong>20. Oktober 2023, 19:00 Uhr<\/strong><br \/><a href=\"https:\/\/galeriemarenzi.at\/\">Galerie Marenzi<\/a><br \/><\/span><span>Bahnhofstrasse 14, Leibnitz<\/span><\/p>\n<p>[\/et_pb_text][et_pb_divider color=&#8220;#7CDA24&#8243; divider_weight=&#8220;1px&#8220; _builder_version=&#8220;4.22.2&#8243; _module_preset=&#8220;default&#8220; global_colors_info=&#8220;{}&#8220;][\/et_pb_divider][et_pb_image src=&#8220;http:\/\/wurmbilder.at\/wp-content\/uploads\/2023\/10\/einladung_25oktober_freie-galerie.png&#8220; alt=&#8220;Acryl abstrakt&#8220; title_text=&#8220;Einladung Midissage freie galerie&#8220; align=&#8220;center&#8220; _builder_version=&#8220;4.22.2&#8243; hover_enabled=&#8220;0&#8243; border_width_all=&#8220;11px&#8220; border_color_all=&#8220;#FFFFFF&#8220; border_width_all_last_edited=&#8220;off|desktop&#8220; box_shadow_style=&#8220;preset1&#8243; box_shadow_color=&#8220;rgba(0,0,0,0.34)&#8220; global_colors_info=&#8220;{}&#8220; box_shadow_color__hover_enabled=&#8220;on&#8220; box_shadow_color__hover=&#8220;#000000&#8243; border_width_all__hover=&#8220;30px&#8220; border_width_all__hover_enabled=&#8220;on&#8220; sticky_enabled=&#8220;0&#8243;][\/et_pb_image][et_pb_text ul_position=&#8220;inside&#8220; _builder_version=&#8220;4.27.4&#8243; text_font=&#8220;||||||||&#8220; ul_font=&#8220;||||||||&#8220; header_font=&#8220;|700|||||||&#8220; header_font_size=&#8220;20px&#8220; header_line_height=&#8220;1.3em&#8220; header_3_font=&#8220;|700|||||||&#8220; header_3_font_size=&#8220;14px&#8220; header_3_line_height=&#8220;1.3em&#8220; text_orientation=&#8220;center&#8220; hover_enabled=&#8220;0&#8243; text_text_align=&#8220;center&#8220; locked=&#8220;off&#8220; global_colors_info=&#8220;{}&#8220; sticky_enabled=&#8220;0&#8243;]<\/p>\n<h2>Midissage <span>mit Artist Talk<br \/><\/span><\/h2>\n<p><span><strong>25. Oktober 2023, 18:00 &#8211; 20:00 Uhr <\/strong><br \/>Frauenservice Infocaf\u00e9 Palaver<br \/>Lendplatz 38, Graz\u00a0<\/span><\/p>\n<p>[\/et_pb_text][et_pb_text _builder_version=&#8220;4.27.4&#8243; _module_preset=&#8220;default&#8220; hover_enabled=&#8220;0&#8243; global_colors_info=&#8220;{}&#8220; max_width=&#8220;87%&#8220; sticky_enabled=&#8220;0&#8243; module_alignment=&#8220;center&#8220;]<\/p>\n<p><span><strong>Ausstellende:<\/strong> Anna Eder, Brigitte Eichler-Uray, Maria Justine Gross, Heidi Howley, Elfriede Kahsiovsky-Kronj\u00e4ger, Brigitte Luef, Maria Schrettl, Irmgard T\u00f6pfer, Dorothea Uhl, Karoline Woldrich, Getrude Wurm<\/span><\/p>\n<p>[\/et_pb_text][et_pb_divider color=&#8220;#7CDA24&#8243; divider_weight=&#8220;1px&#8220; _builder_version=&#8220;4.22.2&#8243; _module_preset=&#8220;default&#8220; global_colors_info=&#8220;{}&#8220;][\/et_pb_divider][\/et_pb_column][\/et_pb_row][\/et_pb_section][et_pb_section fb_built=&#8220;1&#8243; admin_label=&#8220;News&#8220; _builder_version=&#8220;4.16&#8243; background_image=&#8220;http:\/\/dotlinesmile.com\/wp-content\/uploads\/2023\/04\/653-scaled.jpg&#8220; background_size=&#8220;initial&#8220; background_repeat=&#8220;repeat&#8220; custom_padding=&#8220;83px||70px|||&#8220; top_divider_style=&#8220;wave2&#8243; top_divider_color=&#8220;#7CDA24&#8243; top_divider_height=&#8220;57px&#8220; top_divider_flip=&#8220;horizontal|vertical&#8220; bottom_divider_style=&#8220;curve2&#8243; bottom_divider_color=&#8220;#7CDA24&#8243; bottom_divider_height=&#8220;102px&#8220; locked=&#8220;off&#8220; global_colors_info=&#8220;%91%93&#8243;][et_pb_row column_structure=&#8220;1_2,1_2&#8243; use_custom_gutter=&#8220;on&#8220; _builder_version=&#8220;4.16&#8243; width=&#8220;73%&#8220; module_alignment=&#8220;center&#8220; custom_margin=&#8220;0px||33px||false|false&#8220; custom_padding=&#8220;15px|21px|15px|21px|false|false&#8220; animation_style=&#8220;zoom&#8220; border_width_all=&#8220;1px&#8220; border_color_all=&#8220;#7CDA24&#8243; box_shadow_style=&#8220;preset1&#8243; box_shadow_color=&#8220;rgba(0,0,0,0.37)&#8220; global_colors_info=&#8220;{}&#8220;][et_pb_column type=&#8220;1_2&#8243; _builder_version=&#8220;4.16&#8243; custom_padding=&#8220;|||&#8220; global_colors_info=&#8220;{}&#8220; custom_padding__hover=&#8220;|||&#8220;][et_pb_text _builder_version=&#8220;4.16&#8243; text_font=&#8220;||||||||&#8220; text_font_size=&#8220;12px&#8220; text_line_height=&#8220;2em&#8220; link_font=&#8220;||||on||||&#8220; link_text_color=&#8220;#666666&#8243; header_font=&#8220;||||||||&#8220; header_text_align=&#8220;left&#8220; header_3_font=&#8220;|700||on|||||&#8220; header_3_font_size=&#8220;12px&#8220; header_3_letter_spacing=&#8220;5px&#8220; header_3_line_height=&#8220;1.8em&#8220; max_width_tablet=&#8220;70%&#8220; max_width_last_edited=&#8220;off|phone&#8220; header_3_font_size_tablet=&#8220;&#8220; header_3_font_size_phone=&#8220;&#8220; header_3_font_size_last_edited=&#8220;on|desktop&#8220; locked=&#8220;off&#8220; global_colors_info=&#8220;{}&#8220;]<\/p>\n<h3>Kontakt<\/h3>\n<p>Gertrude Wurm<br \/><a href=\"mailto:wurm103.graz@aon.at\">wurm103.graz@aon.at<\/a> <br \/>Brauhausstra\u00dfe 103, 8053 Graz<br \/>+43 664 \/ 49 23 923<\/p>\n<p>[\/et_pb_text][\/et_pb_column][et_pb_column type=&#8220;1_2&#8243; _builder_version=&#8220;4.16&#8243; custom_padding=&#8220;|||&#8220; global_colors_info=&#8220;{}&#8220; custom_padding__hover=&#8220;|||&#8220;][et_pb_text _builder_version=&#8220;4.16&#8243; text_font=&#8220;||||||||&#8220; text_font_size=&#8220;12px&#8220; text_line_height=&#8220;2em&#8220; link_font=&#8220;||||on||||&#8220; link_text_color=&#8220;#666666&#8243; header_font=&#8220;||||||||&#8220; header_text_align=&#8220;left&#8220; header_2_font=&#8220;||||||||&#8220; header_3_font=&#8220;|700||on|||||&#8220; header_3_font_size=&#8220;12px&#8220; header_3_letter_spacing=&#8220;5px&#8220; header_3_line_height=&#8220;1.8em&#8220; max_width_tablet=&#8220;70%&#8220; max_width_last_edited=&#8220;off|phone&#8220; header_3_font_size_tablet=&#8220;&#8220; header_3_font_size_phone=&#8220;&#8220; header_3_font_size_last_edited=&#8220;on|desktop&#8220; locked=&#8220;off&#8220; global_colors_info=&#8220;{}&#8220;]<\/p>\n<h3>Socials<\/h3>\n<p>[\/et_pb_text][et_pb_social_media_follow _builder_version=&#8220;4.16&#8243; background_color=&#8220;RGBA(255,255,255,0)&#8220; custom_margin=&#8220;-20px|||-10px&#8220; custom_margin_tablet=&#8220;&#8220; custom_margin_phone=&#8220;-20px||&#8220; custom_margin_last_edited=&#8220;on|desktop&#8220; filter_invert=&#8220;100%&#8220; locked=&#8220;off&#8220; global_colors_info=&#8220;{}&#8220; icon_color__hover=&#8220;#e02b20&#8243;][et_pb_social_media_follow_network social_network=&#8220;facebook&#8220; url=&#8220;https:\/\/www.facebook.com\/gertrude.wurm&#8220; icon_color=&#8220;#7CDA24&#8243; _builder_version=&#8220;4.16&#8243; background_color=&#8220;RGBA(255,255,255,0)&#8220; background_enable_color=&#8220;on&#8220; global_colors_info=&#8220;{}&#8220; follow_button=&#8220;off&#8220; url_new_window=&#8220;on&#8220;]facebook[\/et_pb_social_media_follow_network][et_pb_social_media_follow_network social_network=&#8220;linkedin&#8220; url=&#8220;https:\/\/www.linkedin.com\/in\/gertrude-wurm-50615084\/&#8220; icon_color=&#8220;#7CDA24&#8243; _builder_version=&#8220;4.16&#8243; _module_preset=&#8220;default&#8220; background_color=&#8220;RGBA(255,255,255,0)&#8220; background_enable_color=&#8220;on&#8220; global_colors_info=&#8220;{}&#8220; follow_button=&#8220;off&#8220; url_new_window=&#8220;on&#8220;]linkedin[\/et_pb_social_media_follow_network][\/et_pb_social_media_follow][\/et_pb_column][\/et_pb_row][\/et_pb_section]<\/p>\n","protected":false},"excerpt":{"rendered":"<p>Aquarell | Acryl | Grafik &#8211; von Gertrude WurmwurmbilderAquarell Technik, Pinsel, Farbe, WasserAcryl Malerei auf Leinwand, Holz, Stoff, MetallGrafik \u00a0Zeichnen, Malen, Drucken\u00a0Gem\u00e4lde von Gertrude Wurm GalerieBiografie Gertude Wurm \u00dcber G. Wurm\u00fcber diese Webseite m\u00f6chte ich meine Freude am Malen mit Ihnen teilen. Vielleicht finden Sie so auch zu dieser wundervollen Besch\u00e4ftigung und machen die Welt [&hellip;]<\/p>\n","protected":false},"author":2,"featured_media":0,"parent":0,"menu_order":0,"comment_status":"closed","ping_status":"closed","template":"","meta":{"_et_pb_use_builder":"on","_et_pb_old_content":"","_et_gb_content_width":"","footnotes":""},"_links":{"self":[{"href":"http:\/\/wurmbilder.at\/index.php?rest_route=\/wp\/v2\/pages\/583"}],"collection":[{"href":"http:\/\/wurmbilder.at\/index.php?rest_route=\/wp\/v2\/pages"}],"about":[{"href":"http:\/\/wurmbilder.at\/index.php?rest_route=\/wp\/v2\/types\/page"}],"author":[{"embeddable":true,"href":"http:\/\/wurmbilder.at\/index.php?rest_route=\/wp\/v2\/users\/2"}],"replies":[{"embeddable":true,"href":"http:\/\/wurmbilder.at\/index.php?rest_route=%2Fwp%2Fv2%2Fcomments&post=583"}],"version-history":[{"count":18,"href":"http:\/\/wurmbilder.at\/index.php?rest_route=\/wp\/v2\/pages\/583\/revisions"}],"predecessor-version":[{"id":638,"href":"http:\/\/wurmbilder.at\/index.php?rest_route=\/wp\/v2\/pages\/583\/revisions\/638"}],"wp:attachment":[{"href":"http:\/\/wurmbilder.at\/index.php?rest_route=%2Fwp%2Fv2%2Fmedia&parent=583"}],"curies":[{"name":"wp","href":"https:\/\/api.w.org\/{rel}","templated":true}]}}